{"id":18713,"date":"2020-07-12T20:35:00","date_gmt":"2020-07-12T23:35:00","guid":{"rendered":"http:\/\/cesearadeluzsjc.org.br\/site2\/?page_id=18713"},"modified":"2020-07-24T20:55:59","modified_gmt":"2020-07-24T23:55:59","slug":"maos-unidas","status":"publish","type":"page","link":"http:\/\/cesearadeluzsjc.org.br\/index.php\/maos-unidas\/","title":{"rendered":"Projeto m\u00e3os unidas"},"content":{"rendered":"\n<div class=\"wp-block-media-text alignwide is-stacked-on-mobile\" style=\"grid-template-columns:33% auto\"><figure class=\"wp-block-media-text__media\"><img loading=\"lazy\" decoding=\"async\" width=\"396\" height=\"396\" src=\"http:\/\/cesearadeluzsjc.org.br\/site2\/wp-content\/uploads\/2020\/07\/LogoMaosUnidas.png\" alt=\"\" class=\"wp-image-18717\" srcset=\"http:\/\/cesearadeluzsjc.org.br\/site2\/wp-content\/uploads\/2020\/07\/LogoMaosUnidas.png 396w, http:\/\/cesearadeluzsjc.org.br\/site2\/wp-content\/uploads\/2020\/07\/LogoMaosUnidas-300x300.png 300w, http:\/\/cesearadeluzsjc.org.br\/site2\/wp-content\/uploads\/2020\/07\/LogoMaosUnidas-150x150.png 150w\" sizes=\"(max-width: 396px) 100vw, 396px\" \/><\/figure><div class=\"wp-block-media-text__content\">\n<p class=\"has-text-align-center has-medium-font-size\">O Projeto M\u00e3os unidas teve in\u00edcio em 2001 e tem como premissa a pr\u00e1tica de a\u00e7\u00f5es fraternas, sendo que o trabalho atende quest\u00f5es materiais, atrav\u00e9s da entrega de cestas b\u00e1sicas aos assistidos juntamente com um trabalho psicossocial.<\/p>\n\n\n\n<p class=\"has-text-align-center has-medium-font-size\">O trabalho se baseia na sele\u00e7\u00e3o das fam\u00edlias por meio da condu\u00e7\u00e3o de entrevistas e visitas. Al\u00e9m das atividades de sele\u00e7\u00e3o das fam\u00edlias, o projeto engloba a arrecada\u00e7\u00e3o dos alimentos, triagem e montagem das cestas. Tais atividades acontecem no terceiro domingo de cada m\u00eas \u00e0s nove horas da manh\u00e3. Nesse dia um caf\u00e9 fraternal e uma palestra em benef\u00edcio dos assistidos s\u00e3o oferecidos.<\/p>\n<\/div><\/div>\n\n\n\n<h2 class=\"gb-headline gb-headline-9a3ca3b0\">Os Alimentos necess\u00e1rios para montar as cestas s\u00e3o:<\/h2>\n\n\n\n<div class=\"gb-grid-wrapper gb-grid-wrapper-627de142\">\n<div class=\"gb-grid-column gb-grid-column-95c1e114\"><div class=\"gb-container gb-container-95c1e114\"><div class=\"gb-inside-container\"><\/div><\/div><\/div>\n\n\n\n<div class=\"gb-grid-column gb-grid-column-fc76e246\"><div class=\"gb-container gb-container-fc76e246\"><div class=\"gb-inside-container\">\n<ul><li>Arroz<\/li><li>Feij\u00e3o<\/li><li>A\u00e7\u00facar<\/li><li>Caf\u00e9<\/li><li>Creme dental<\/li><li>Fub\u00e1<\/li><li>Leite em P\u00f3<\/li><li>Macarr\u00e3o<\/li><li>\u00d3leo<\/li><li>Sardinha<\/li><li>Extrato de tomate<\/li><li>Sabonete<\/li><\/ul>\n<\/div><\/div><\/div>\n\n\n\n<div class=\"gb-grid-column gb-grid-column-74dc152b\"><div class=\"gb-container gb-container-74dc152b\"><div class=\"gb-inside-container\">\n<p><\/p>\n\n\n\n<figure class=\"wp-block-image size-large\"><img loading=\"lazy\" decoding=\"async\" width=\"300\" height=\"234\" src=\"http:\/\/cesearadeluzsjc.org.br\/site2\/wp-content\/uploads\/2020\/07\/CestaUnidas-e1594597947865.png\" alt=\"\" class=\"wp-image-18719\"\/><\/figure>\n<\/div><\/div><\/div>\n\n\n\n<div class=\"gb-grid-column gb-grid-column-b66b4f00\"><div class=\"gb-container gb-container-b66b4f00\"><div class=\"gb-inside-container\"><\/div><\/div><\/div>\n<\/div>\n\n\n\n<p style=\"color:#ff9900\" class=\"has-text-color has-text-align-center has-medium-font-size\"><strong>Caso prefira fazer sua doa\u00e7\u00e3o em dinheiro, o valor pode ser depositado na conta do Seara de Luz:<\/strong><\/p>\n\n\n\n<p style=\"color:#000066\" class=\"has-text-color has-text-align-center\"><strong>Banco: Bradesco<br>Ag\u00eancia: 1070<br>Conta Corrente: 28590-0<br>CNPJ: 57.530.081\/0001-59<\/strong><\/p>\n\n\n\n<hr class=\"wp-block-separator\"\/>\n\n\n\n<h2 class=\"gb-headline gb-headline-ebb49230\">O projeto convida a todos a participar na obra do bem.<\/h2>\n\n\n\n<hr class=\"wp-block-separator\"\/>\n\n\n\n<figure class=\"wp-block-pullquote\"><blockquote><p>&#8220;Cada boa a\u00e7\u00e3o que voc\u00ea pratica, \u00e9 uma luz que voc\u00ea acende em torno dos pr\u00f3prios passos&#8221;<\/p><cite>Chico Xavier<\/cite><\/blockquote><\/figure>\n","protected":false},"excerpt":{"rendered":"<p>O Projeto M\u00e3os unidas teve in\u00edcio em 2001 e tem como premissa a pr\u00e1tica de a\u00e7\u00f5es fraternas, sendo que o trabalho atende quest\u00f5es materiais, atrav\u00e9s da entrega de cestas b\u00e1sicas aos assistidos juntamente com um trabalho psicossocial. O trabalho se baseia na sele\u00e7\u00e3o das fam\u00edlias por meio da condu\u00e7\u00e3o de entrevistas e visitas. Al\u00e9m das atividades de sele\u00e7\u00e3o das fam\u00edlias, &#8230; <a title=\"Projeto m\u00e3os unidas\" class=\"read-more\" href=\"http:\/\/cesearadeluzsjc.org.br\/index.php\/maos-unidas\/\" aria-label=\"Read more about Projeto m\u00e3os unidas\">Read More<\/a><\/p>\n","protected":false},"author":1,"featured_media":0,"parent":0,"menu_order":0,"comment_status":"closed","ping_status":"closed","template":"","meta":{"footnotes":""},"_links":{"self":[{"href":"http:\/\/cesearadeluzsjc.org.br\/index.php\/wp-json\/wp\/v2\/pages\/18713"}],"collection":[{"href":"http:\/\/cesearadeluzsjc.org.br\/index.php\/wp-json\/wp\/v2\/pages"}],"about":[{"href":"http:\/\/cesearadeluzsjc.org.br\/index.php\/wp-json\/wp\/v2\/types\/page"}],"author":[{"embeddable":true,"href":"http:\/\/cesearadeluzsjc.org.br\/index.php\/wp-json\/wp\/v2\/users\/1"}],"replies":[{"embeddable":true,"href":"http:\/\/cesearadeluzsjc.org.br\/index.php\/wp-json\/wp\/v2\/comments?post=18713"}],"version-history":[{"count":22,"href":"http:\/\/cesearadeluzsjc.org.br\/index.php\/wp-json\/wp\/v2\/pages\/18713\/revisions"}],"predecessor-version":[{"id":18815,"href":"http:\/\/cesearadeluzsjc.org.br\/index.php\/wp-json\/wp\/v2\/pages\/18713\/revisions\/18815"}],"wp:attachment":[{"href":"http:\/\/cesearadeluzsjc.org.br\/index.php\/wp-json\/wp\/v2\/media?parent=18713"}],"curies":[{"name":"wp","href":"https:\/\/api.w.org\/{rel}","templated":true}]}}